[{"id":8052,"date":"2025-11-14T15:59:25","date_gmt":"2025-11-14T14:59:25","guid":{"rendered":"https:\/\/tempiodiroma.org\/?post_type=tribe_events&#038;p=8052"},"modified":"2026-04-21T13:01:42","modified_gmt":"2026-04-21T11:01:42","slug":"a-14-a-competitie-internationala-de-chitara","status":"publish","type":"tribe_events","link":"https:\/\/tempiodiroma.org\/ro\/event\/14th-international-guitar-competition\/","title":{"rendered":"A 14-a Concurs Interna\u021bional de Chitar\u0103"},"content":{"rendered":"<p>Vino pentru un weekend minunat de muzic\u0103 la chitar\u0103, distrac\u021bie \u0219i prietenie.<\/p>\n<p>Prezentat de Alirio Diaz.<\/p>","protected":false},"excerpt":{"rendered":"<p>V\u0103 invit\u0103m s\u0103 petrece\u021bi un weekend minunat cu muzic\u0103 de chitar\u0103, distrac\u021bie \u0219i prietenie. Prezentat de Alirio Diaz.<\/p>","protected":false},"author":47,"featured_media":8053,"template":"","meta":{"_tribe_events_status":"","_tribe_events_status_reason":"","footnotes":""},"tags":[134,167,116],"tribe_events_cat":[204,66],"class_list":["post-8052","tribe_events","type-tribe_events","status-publish","has-post-thumbnail","hentry","tag-concert","tag-guitar","tag-rome","tribe_events_cat-broadcast","tribe_events_cat-performances","cat_broadcast","cat_performances"],"yoast_head":"<!-- This site is optimized with the Yoast SEO plugin v27.4 - https:\/\/yoast.com\/product\/yoast-seo-wordpress\/ -->\n<title>14th International Guitar Competition - TempioDiRoma.org<\/title>\n<meta name=\"robots\" content=\"index, follow, max-snippet:-1, max-image-preview:large, max-video-preview:-1\" \/>\n<link rel=\"canonical\" href=\"https:\/\/tempiodiroma.org\/ro\/eveniment\/a-14-a-competitie-internationala-de-chitara\/\" \/>\n<meta property=\"og:locale\" content=\"ro_RO\" \/>\n<meta property=\"og:type\" content=\"article\" \/>\n<meta property=\"og:title\" content=\"14th International Guitar Competition - TempioDiRoma.org\" \/>\n<meta property=\"og:description\" content=\"Please come for an amazing weekend of guitar music, fun and friendship. Presented by Alirio Diaz.\" \/>\n<meta property=\"og:url\" content=\"https:\/\/tempiodiroma.org\/ro\/eveniment\/a-14-a-competitie-internationala-de-chitara\/\" \/>\n<meta property=\"og:site_name\" content=\"TempioDiRoma.org\" \/>\n<meta property=\"article:modified_time\" content=\"2026-04-21T11:01:42+00:00\" \/>\n<meta property=\"og:image\" content=\"https:\/\/tempiodiroma.org\/wp-content\/uploads\/2026\/01\/IMG-20260112-WA0031.webp\" \/>\n\t<meta property=\"og:image:width\" content=\"967\" \/>\n\t<meta property=\"og:image:height\" content=\"1280\" \/>\n\t<meta property=\"og:image:type\" content=\"image\/webp\" \/>\n<meta name=\"twitter:card\" content=\"summary_large_image\" \/>\n<meta name=\"twitter:label1\" content=\"Timp estimat pentru citire\" \/>\n\t<meta name=\"twitter:data1\" content=\"1 minut\" \/>\n<script type=\"application\/ld+json\" class=\"yoast-schema-graph\">{\"@context\":\"https:\\\/\\\/schema.org\",\"@graph\":[{\"@type\":\"WebPage\",\"@id\":\"https:\\\/\\\/tempiodiroma.org\\\/event\\\/14th-international-guitar-competition\\\/\",\"url\":\"https:\\\/\\\/tempiodiroma.org\\\/event\\\/14th-international-guitar-competition\\\/\",\"name\":\"14th International Guitar Competition - TempioDiRoma.org\",\"isPartOf\":{\"@id\":\"https:\\\/\\\/tempiodiroma.org\\\/ko\\\/#website\"},\"primaryImageOfPage\":{\"@id\":\"https:\\\/\\\/tempiodiroma.org\\\/event\\\/14th-international-guitar-competition\\\/#primaryimage\"},\"image\":{\"@id\":\"https:\\\/\\\/tempiodiroma.org\\\/event\\\/14th-international-guitar-competition\\\/#primaryimage\"},\"thumbnailUrl\":\"https:\\\/\\\/tempiodiroma.org\\\/wp-content\\\/uploads\\\/2026\\\/01\\\/IMG-20260112-WA0031.webp\",\"datePublished\":\"2025-11-14T14:59:25+00:00\",\"dateModified\":\"2026-04-21T11:01:42+00:00\",\"breadcrumb\":{\"@id\":\"https:\\\/\\\/tempiodiroma.org\\\/event\\\/14th-international-guitar-competition\\\/#breadcrumb\"},\"inLanguage\":\"ro-RO\",\"potentialAction\":[{\"@type\":\"ReadAction\",\"target\":[\"https:\\\/\\\/tempiodiroma.org\\\/event\\\/14th-international-guitar-competition\\\/\"]}]},{\"@type\":\"ImageObject\",\"inLanguage\":\"ro-RO\",\"@id\":\"https:\\\/\\\/tempiodiroma.org\\\/event\\\/14th-international-guitar-competition\\\/#primaryimage\",\"url\":\"https:\\\/\\\/tempiodiroma.org\\\/wp-content\\\/uploads\\\/2026\\\/01\\\/IMG-20260112-WA0031.webp\",\"contentUrl\":\"https:\\\/\\\/tempiodiroma.org\\\/wp-content\\\/uploads\\\/2026\\\/01\\\/IMG-20260112-WA0031.webp\",\"width\":967,\"height\":1280},{\"@type\":\"BreadcrumbList\",\"@id\":\"https:\\\/\\\/tempiodiroma.org\\\/event\\\/14th-international-guitar-competition\\\/#breadcrumb\",\"itemListElement\":[{\"@type\":\"ListItem\",\"position\":1,\"name\":\"Home\",\"item\":\"https:\\\/\\\/tempiodiroma.org\\\/\"},{\"@type\":\"ListItem\",\"position\":2,\"name\":\"Events\",\"item\":\"https:\\\/\\\/tempiodiroma.org\\\/zh_tw\\\/event-calendar\\\/\"},{\"@type\":\"ListItem\",\"position\":3,\"name\":\"14th International Guitar Competition\"}]},{\"@type\":\"WebSite\",\"@id\":\"https:\\\/\\\/tempiodiroma.org\\\/ko\\\/#website\",\"url\":\"https:\\\/\\\/tempiodiroma.org\\\/ko\\\/\",\"name\":\"TempioDiRoma.org\",\"description\":\"Feel Welcome. Feel the Spirit. Feel Inspired.\",\"potentialAction\":[{\"@type\":\"SearchAction\",\"target\":{\"@type\":\"EntryPoint\",\"urlTemplate\":\"https:\\\/\\\/tempiodiroma.org\\\/ko\\\/?s={search_term_string}\"},\"query-input\":{\"@type\":\"PropertyValueSpecification\",\"valueRequired\":true,\"valueName\":\"search_term_string\"}}],\"inLanguage\":\"ro-RO\"}]}<\/script>\n<!-- \/ Yoast SEO plugin. -->","yoast_head_json":{"title":"A 14-a edi\u021bie a Concursului Interna\u021bional de Chitar\u0103 - TempioDiRoma.org","robots":{"index":"index","follow":"follow","max-snippet":"max-snippet:-1","max-image-preview":"max-image-preview:large","max-video-preview":"max-video-preview:-1"},"canonical":"https:\/\/tempiodiroma.org\/ro\/eveniment\/a-14-a-competitie-internationala-de-chitara\/","og_locale":"ro_RO","og_type":"article","og_title":"14th International Guitar Competition - TempioDiRoma.org","og_description":"Please come for an amazing weekend of guitar music, fun and friendship. Presented by Alirio Diaz.","og_url":"https:\/\/tempiodiroma.org\/ro\/eveniment\/a-14-a-competitie-internationala-de-chitara\/","og_site_name":"TempioDiRoma.org","article_modified_time":"2026-04-21T11:01:42+00:00","og_image":[{"width":967,"height":1280,"url":"https:\/\/tempiodiroma.org\/wp-content\/uploads\/2026\/01\/IMG-20260112-WA0031.webp","type":"image\/webp"}],"twitter_card":"summary_large_image","twitter_misc":{"Timp estimat pentru citire":"1 minut"},"schema":{"@context":"https:\/\/schema.org","@graph":[{"@type":"WebPage","@id":"https:\/\/tempiodiroma.org\/event\/14th-international-guitar-competition\/","url":"https:\/\/tempiodiroma.org\/event\/14th-international-guitar-competition\/","name":"14th International Guitar Competition - TempioDiRoma.org","isPartOf":{"@id":"https:\/\/tempiodiroma.org\/ko\/#website"},"primaryImageOfPage":{"@id":"https:\/\/tempiodiroma.org\/event\/14th-international-guitar-competition\/#primaryimage"},"image":{"@id":"https:\/\/tempiodiroma.org\/event\/14th-international-guitar-competition\/#primaryimage"},"thumbnailUrl":"https:\/\/tempiodiroma.org\/wp-content\/uploads\/2026\/01\/IMG-20260112-WA0031.webp","datePublished":"2025-11-14T14:59:25+00:00","dateModified":"2026-04-21T11:01:42+00:00","breadcrumb":{"@id":"https:\/\/tempiodiroma.org\/event\/14th-international-guitar-competition\/#breadcrumb"},"inLanguage":"ro-RO","potentialAction":[{"@type":"ReadAction","target":["https:\/\/tempiodiroma.org\/event\/14th-international-guitar-competition\/"]}]},{"@type":"ImageObject","inLanguage":"ro-RO","@id":"https:\/\/tempiodiroma.org\/event\/14th-international-guitar-competition\/#primaryimage","url":"https:\/\/tempiodiroma.org\/wp-content\/uploads\/2026\/01\/IMG-20260112-WA0031.webp","contentUrl":"https:\/\/tempiodiroma.org\/wp-content\/uploads\/2026\/01\/IMG-20260112-WA0031.webp","width":967,"height":1280},{"@type":"BreadcrumbList","@id":"https:\/\/tempiodiroma.org\/event\/14th-international-guitar-competition\/#breadcrumb","itemListElement":[{"@type":"ListItem","position":1,"name":"Home","item":"https:\/\/tempiodiroma.org\/"},{"@type":"ListItem","position":2,"name":"Events","item":"https:\/\/tempiodiroma.org\/zh_tw\/event-calendar\/"},{"@type":"ListItem","position":3,"name":"14th International Guitar Competition"}]},{"@type":"WebSite","@id":"https:\/\/tempiodiroma.org\/ko\/#website","url":"https:\/\/tempiodiroma.org\/ko\/","name":"TempioDiRoma.org","description":"Feel Welcome. Feel the Spirit. Feel Inspired.","potentialAction":[{"@type":"SearchAction","target":{"@type":"EntryPoint","urlTemplate":"https:\/\/tempiodiroma.org\/ko\/?s={search_term_string}"},"query-input":{"@type":"PropertyValueSpecification","valueRequired":true,"valueName":"search_term_string"}}],"inLanguage":"ro-RO"}]}},"_links":{"self":[{"href":"https:\/\/tempiodiroma.org\/ro\/wp-json\/wp\/v2\/tribe_events\/8052","targetHints":{"allow":["GET"]}}],"collection":[{"href":"https:\/\/tempiodiroma.org\/ro\/wp-json\/wp\/v2\/tribe_events"}],"about":[{"href":"https:\/\/tempiodiroma.org\/ro\/wp-json\/wp\/v2\/types\/tribe_events"}],"author":[{"embeddable":true,"href":"https:\/\/tempiodiroma.org\/ro\/wp-json\/wp\/v2\/users\/47"}],"version-history":[{"count":0,"href":"https:\/\/tempiodiroma.org\/ro\/wp-json\/wp\/v2\/tribe_events\/8052\/revisions"}],"wp:featuredmedia":[{"embeddable":true,"href":"https:\/\/tempiodiroma.org\/ro\/wp-json\/wp\/v2\/media\/8053"}],"wp:attachment":[{"href":"https:\/\/tempiodiroma.org\/ro\/wp-json\/wp\/v2\/media?parent=8052"}],"wp:term":[{"taxonomy":"post_tag","embeddable":true,"href":"https:\/\/tempiodiroma.org\/ro\/wp-json\/wp\/v2\/tags?post=8052"},{"taxonomy":"tribe_events_cat","embeddable":true,"href":"https:\/\/tempiodiroma.org\/ro\/wp-json\/wp\/v2\/tribe_events_cat?post=8052"}],"curies":[{"name":"wp","href":"https:\/\/api.w.org\/{rel}","templated":true}]}},{"id":8107,"date":"2025-04-26T14:28:47","date_gmt":"2025-04-26T12:28:47","guid":{"rendered":"https:\/\/tempiodiroma.org\/?post_type=tribe_events&#038;p=8107"},"modified":"2026-04-26T14:46:07","modified_gmt":"2026-04-26T12:46:07","slug":"other-voices-from-the-dust","status":"publish","type":"tribe_events","link":"https:\/\/tempiodiroma.org\/ro\/event\/other-voices-from-the-dust\/","title":{"rendered":"Alte voci din praf"},"content":{"rendered":"<p>More voices from the dust. Names and literary features in the Book of Mormon.<\/p>\n<p>Please join us for an inspiring fireside lecture.<\/p>\n<p><img loading=\"lazy\" decoding=\"async\" class=\"alignnone wp-image-8108 size-large\" src=\"https:\/\/tempiodiroma.org\/wp-content\/uploads\/2026\/04\/Altre_Voci_Dalla_Polvere-723x1024.webp\" alt=\"\" width=\"723\" height=\"1024\" srcset=\"https:\/\/tempiodiroma.org\/wp-content\/uploads\/2026\/04\/Altre_Voci_Dalla_Polvere-723x1024.webp 723w, https:\/\/tempiodiroma.org\/wp-content\/uploads\/2026\/04\/Altre_Voci_Dalla_Polvere-212x300.webp 212w, https:\/\/tempiodiroma.org\/wp-content\/uploads\/2026\/04\/Altre_Voci_Dalla_Polvere-768x1087.webp 768w, https:\/\/tempiodiroma.org\/wp-content\/uploads\/2026\/04\/Altre_Voci_Dalla_Polvere-8x12.webp 8w, https:\/\/tempiodiroma.org\/wp-content\/uploads\/2026\/04\/Altre_Voci_Dalla_Polvere.webp 904w\" sizes=\"auto, (max-width: 723px) 100vw, 723px\" \/><\/p>","protected":false},"excerpt":{"rendered":"<p>More voices from the dust. Names and literary features in the Book of Mormon. Please join us for an inspiring&hellip;<\/p>","protected":false},"author":47,"featured_media":5834,"template":"","meta":{"_tribe_events_status":"","_tribe_events_status_reason":"","footnotes":""},"tags":[],"tribe_events_cat":[65],"class_list":["post-8107","tribe_events","type-tribe_events","status-publish","has-post-thumbnail","hentry","tribe_events_cat-devotional","cat_devotional"],"yoast_head":"<!-- This site is optimized with the Yoast SEO plugin v27.4 - https:\/\/yoast.com\/product\/yoast-seo-wordpress\/ -->\n<title>Other Voices from the Dust - TempioDiRoma.org<\/title>\n<meta name=\"robots\" content=\"index, follow, max-snippet:-1, max-image-preview:large, max-video-preview:-1\" \/>\n<link rel=\"canonical\" href=\"https:\/\/tempiodiroma.org\/ro\/eveniment\/other-voices-from-the-dust\/\" \/>\n<meta property=\"og:locale\" content=\"ro_RO\" \/>\n<meta property=\"og:type\" content=\"article\" \/>\n<meta property=\"og:title\" content=\"Other Voices from the Dust - TempioDiRoma.org\" \/>\n<meta property=\"og:description\" content=\"More voices from the dust. Names and literary features in the Book of Mormon. Please join us for an inspiring&hellip;\" \/>\n<meta property=\"og:url\" content=\"https:\/\/tempiodiroma.org\/ro\/eveniment\/other-voices-from-the-dust\/\" \/>\n<meta property=\"og:site_name\" content=\"TempioDiRoma.org\" \/>\n<meta property=\"article:modified_time\" content=\"2026-04-26T12:46:07+00:00\" \/>\n<meta property=\"og:image\" content=\"https:\/\/tempiodiroma.org\/wp-content\/uploads\/2021\/10\/book_of_mormon_languages-edited.webp\" \/>\n\t<meta property=\"og:image:width\" content=\"800\" \/>\n\t<meta property=\"og:image:height\" content=\"501\" \/>\n\t<meta property=\"og:image:type\" content=\"image\/webp\" \/>\n<meta name=\"twitter:card\" content=\"summary_large_image\" \/>\n<meta name=\"twitter:label1\" content=\"Timp estimat pentru citire\" \/>\n\t<meta name=\"twitter:data1\" content=\"1 minut\" \/>\n<script type=\"application\/ld+json\" class=\"yoast-schema-graph\">{\"@context\":\"https:\\\/\\\/schema.org\",\"@graph\":[{\"@type\":\"WebPage\",\"@id\":\"https:\\\/\\\/tempiodiroma.org\\\/event\\\/other-voices-from-the-dust\\\/\",\"url\":\"https:\\\/\\\/tempiodiroma.org\\\/event\\\/other-voices-from-the-dust\\\/\",\"name\":\"Other Voices from the Dust - TempioDiRoma.org\",\"isPartOf\":{\"@id\":\"https:\\\/\\\/tempiodiroma.org\\\/ko\\\/#website\"},\"primaryImageOfPage\":{\"@id\":\"https:\\\/\\\/tempiodiroma.org\\\/event\\\/other-voices-from-the-dust\\\/#primaryimage\"},\"image\":{\"@id\":\"https:\\\/\\\/tempiodiroma.org\\\/event\\\/other-voices-from-the-dust\\\/#primaryimage\"},\"thumbnailUrl\":\"https:\\\/\\\/tempiodiroma.org\\\/wp-content\\\/uploads\\\/2021\\\/10\\\/book_of_mormon_languages-edited.webp\",\"datePublished\":\"2025-04-26T12:28:47+00:00\",\"dateModified\":\"2026-04-26T12:46:07+00:00\",\"breadcrumb\":{\"@id\":\"https:\\\/\\\/tempiodiroma.org\\\/event\\\/other-voices-from-the-dust\\\/#breadcrumb\"},\"inLanguage\":\"ro-RO\",\"potentialAction\":[{\"@type\":\"ReadAction\",\"target\":[\"https:\\\/\\\/tempiodiroma.org\\\/event\\\/other-voices-from-the-dust\\\/\"]}]},{\"@type\":\"ImageObject\",\"inLanguage\":\"ro-RO\",\"@id\":\"https:\\\/\\\/tempiodiroma.org\\\/event\\\/other-voices-from-the-dust\\\/#primaryimage\",\"url\":\"https:\\\/\\\/tempiodiroma.org\\\/wp-content\\\/uploads\\\/2021\\\/10\\\/book_of_mormon_languages-edited.webp\",\"contentUrl\":\"https:\\\/\\\/tempiodiroma.org\\\/wp-content\\\/uploads\\\/2021\\\/10\\\/book_of_mormon_languages-edited.webp\",\"width\":800,\"height\":501},{\"@type\":\"BreadcrumbList\",\"@id\":\"https:\\\/\\\/tempiodiroma.org\\\/event\\\/other-voices-from-the-dust\\\/#breadcrumb\",\"itemListElement\":[{\"@type\":\"ListItem\",\"position\":1,\"name\":\"Home\",\"item\":\"https:\\\/\\\/tempiodiroma.org\\\/\"},{\"@type\":\"ListItem\",\"position\":2,\"name\":\"Events\",\"item\":\"https:\\\/\\\/tempiodiroma.org\\\/zh_tw\\\/event-calendar\\\/\"},{\"@type\":\"ListItem\",\"position\":3,\"name\":\"Other Voices from the Dust\"}]},{\"@type\":\"WebSite\",\"@id\":\"https:\\\/\\\/tempiodiroma.org\\\/ko\\\/#website\",\"url\":\"https:\\\/\\\/tempiodiroma.org\\\/ko\\\/\",\"name\":\"TempioDiRoma.org\",\"description\":\"Feel Welcome. Feel the Spirit. Feel Inspired.\",\"potentialAction\":[{\"@type\":\"SearchAction\",\"target\":{\"@type\":\"EntryPoint\",\"urlTemplate\":\"https:\\\/\\\/tempiodiroma.org\\\/ko\\\/?s={search_term_string}\"},\"query-input\":{\"@type\":\"PropertyValueSpecification\",\"valueRequired\":true,\"valueName\":\"search_term_string\"}}],\"inLanguage\":\"ro-RO\"}]}<\/script>\n<!-- \/ Yoast SEO plugin. -->","yoast_head_json":{"title":"Other Voices from the Dust - TempioDiRoma.org","robots":{"index":"index","follow":"follow","max-snippet":"max-snippet:-1","max-image-preview":"max-image-preview:large","max-video-preview":"max-video-preview:-1"},"canonical":"https:\/\/tempiodiroma.org\/ro\/eveniment\/other-voices-from-the-dust\/","og_locale":"ro_RO","og_type":"article","og_title":"Other Voices from the Dust - TempioDiRoma.org","og_description":"More voices from the dust. Names and literary features in the Book of Mormon. Please join us for an inspiring&hellip;","og_url":"https:\/\/tempiodiroma.org\/ro\/eveniment\/other-voices-from-the-dust\/","og_site_name":"TempioDiRoma.org","article_modified_time":"2026-04-26T12:46:07+00:00","og_image":[{"width":800,"height":501,"url":"https:\/\/tempiodiroma.org\/wp-content\/uploads\/2021\/10\/book_of_mormon_languages-edited.webp","type":"image\/webp"}],"twitter_card":"summary_large_image","twitter_misc":{"Timp estimat pentru citire":"1 minut"},"schema":{"@context":"https:\/\/schema.org","@graph":[{"@type":"WebPage","@id":"https:\/\/tempiodiroma.org\/event\/other-voices-from-the-dust\/","url":"https:\/\/tempiodiroma.org\/event\/other-voices-from-the-dust\/","name":"Other Voices from the Dust - TempioDiRoma.org","isPartOf":{"@id":"https:\/\/tempiodiroma.org\/ko\/#website"},"primaryImageOfPage":{"@id":"https:\/\/tempiodiroma.org\/event\/other-voices-from-the-dust\/#primaryimage"},"image":{"@id":"https:\/\/tempiodiroma.org\/event\/other-voices-from-the-dust\/#primaryimage"},"thumbnailUrl":"https:\/\/tempiodiroma.org\/wp-content\/uploads\/2021\/10\/book_of_mormon_languages-edited.webp","datePublished":"2025-04-26T12:28:47+00:00","dateModified":"2026-04-26T12:46:07+00:00","breadcrumb":{"@id":"https:\/\/tempiodiroma.org\/event\/other-voices-from-the-dust\/#breadcrumb"},"inLanguage":"ro-RO","potentialAction":[{"@type":"ReadAction","target":["https:\/\/tempiodiroma.org\/event\/other-voices-from-the-dust\/"]}]},{"@type":"ImageObject","inLanguage":"ro-RO","@id":"https:\/\/tempiodiroma.org\/event\/other-voices-from-the-dust\/#primaryimage","url":"https:\/\/tempiodiroma.org\/wp-content\/uploads\/2021\/10\/book_of_mormon_languages-edited.webp","contentUrl":"https:\/\/tempiodiroma.org\/wp-content\/uploads\/2021\/10\/book_of_mormon_languages-edited.webp","width":800,"height":501},{"@type":"BreadcrumbList","@id":"https:\/\/tempiodiroma.org\/event\/other-voices-from-the-dust\/#breadcrumb","itemListElement":[{"@type":"ListItem","position":1,"name":"Home","item":"https:\/\/tempiodiroma.org\/"},{"@type":"ListItem","position":2,"name":"Events","item":"https:\/\/tempiodiroma.org\/zh_tw\/event-calendar\/"},{"@type":"ListItem","position":3,"name":"Other Voices from the Dust"}]},{"@type":"WebSite","@id":"https:\/\/tempiodiroma.org\/ko\/#website","url":"https:\/\/tempiodiroma.org\/ko\/","name":"TempioDiRoma.org","description":"Feel Welcome. Feel the Spirit. Feel Inspired.","potentialAction":[{"@type":"SearchAction","target":{"@type":"EntryPoint","urlTemplate":"https:\/\/tempiodiroma.org\/ko\/?s={search_term_string}"},"query-input":{"@type":"PropertyValueSpecification","valueRequired":true,"valueName":"search_term_string"}}],"inLanguage":"ro-RO"}]}},"_links":{"self":[{"href":"https:\/\/tempiodiroma.org\/ro\/wp-json\/wp\/v2\/tribe_events\/8107","targetHints":{"allow":["GET"]}}],"collection":[{"href":"https:\/\/tempiodiroma.org\/ro\/wp-json\/wp\/v2\/tribe_events"}],"about":[{"href":"https:\/\/tempiodiroma.org\/ro\/wp-json\/wp\/v2\/types\/tribe_events"}],"author":[{"embeddable":true,"href":"https:\/\/tempiodiroma.org\/ro\/wp-json\/wp\/v2\/users\/47"}],"version-history":[{"count":0,"href":"https:\/\/tempiodiroma.org\/ro\/wp-json\/wp\/v2\/tribe_events\/8107\/revisions"}],"wp:featuredmedia":[{"embeddable":true,"href":"https:\/\/tempiodiroma.org\/ro\/wp-json\/wp\/v2\/media\/5834"}],"wp:attachment":[{"href":"https:\/\/tempiodiroma.org\/ro\/wp-json\/wp\/v2\/media?parent=8107"}],"wp:term":[{"taxonomy":"post_tag","embeddable":true,"href":"https:\/\/tempiodiroma.org\/ro\/wp-json\/wp\/v2\/tags?post=8107"},{"taxonomy":"tribe_events_cat","embeddable":true,"href":"https:\/\/tempiodiroma.org\/ro\/wp-json\/wp\/v2\/tribe_events_cat?post=8107"}],"curies":[{"name":"wp","href":"https:\/\/api.w.org\/{rel}","templated":true}]}}]